{"id":3318,"date":"2024-08-27T12:49:01","date_gmt":"2024-08-27T12:49:01","guid":{"rendered":"https:\/\/ailabor.appsters.me\/?page_id=3318"},"modified":"2024-08-28T06:50:31","modified_gmt":"2024-08-28T06:50:31","slug":"kertipar-jokai-gazdasagi-vizioja","status":"publish","type":"page","link":"https:\/\/ailabor.appsters.me\/en\/kertipar-jokai-gazdasagi-vizioja\/","title":{"rendered":"\u201eKertipar\u201d \u2013 J\u00f3kai gazdas\u00e1gi v\u00edzi\u00f3ja"},"content":{"rendered":"<div style=\"background-image:url(&apos;https:\/\/ailabor.appsters.me\/wp-content\/uploads\/2024\/06\/Ellipse-3-4.png&apos;);background-position:100% 50%;background-repeat:no-repeat;background-size:contain;\" class=\"wp-block-group has-background\"><div class=\"wp-block-group__inner-container is-layout-constrained wp-block-group-is-layout-constrained\">\n<div class=\"wp-block-group group-1240\"><div class=\"wp-block-group__inner-container is-layout-constrained wp-block-group-is-layout-constrained\">\n<h4 class=\"wp-block-heading\">Hogyan \u00edrja le J\u00f3kai az adatb\u00e1zisodba felt\u00f6lt\u00f6tt, A j\u00f6v\u0151 sz\u00e1zad reg\u00e9nye c\u00edm\u0171 sz\u00f6vegben az Otthon v\u00e1ros\u00e1ban m\u0171velt \u201ekertipart\u201d? Ismertesd r\u00e9szletesen.<\/h4>\n\n\n\n<figure class=\"wp-block-image size-full is-resized\"><img loading=\"lazy\" decoding=\"async\" width=\"1000\" height=\"235\" src=\"https:\/\/ailabor.appsters.me\/wp-content\/uploads\/2024\/06\/robot_v2_horizont-1-1.gif\" alt=\"\" class=\"wp-image-2482\" style=\"width:200px\"\/><\/figure>\n\n\n\n<p>J\u00f3kai az <em>Otthon v\u00e1ros<\/em> c\u00edm\u0171 fejezetben r\u00e9szletesen kifeji, hogyan biztos\u00edtj\u00e1k az egymilli\u00f3s v\u00e1ros \u00e9lelmiszerell\u00e1t\u00e1s\u00e1t, valamint milyen szerepet j\u00e1tszik a n\u00f6v\u00e9nytermeszt\u00e9s az \u00e1llam gazdas\u00e1gi erej\u00e9ben. Otthon v\u00e1ros\u00e1nak \u00e9lelmiszerell\u00e1t\u00e1sa szorosan \u00f6sszef\u00fcgg a v\u00e1ros k\u00f6r\u00fcli kertv\u00e1rosi modellel, amely egy szakadatlan kertvil\u00e1got teremt. Ezen kertekben k\u00fcl\u00f6nb\u00f6z\u0151 kontinensekr\u0151l sz\u00e1rmaz\u00f3 haszonn\u00f6v\u00e9nyeket \u00e9s d\u00edszn\u00f6v\u00e9nyeket termesztettek, amelyeket sikeresen honos\u00edtottak meg ebben a speci\u00e1lis \u00e9ghajlatban.<\/p>\n\n\n\n<p>Az \u00f6t vil\u00e1gr\u00e9szb\u0151l sz\u00e1rmaz\u00f3 n\u00f6v\u00e9nyek sz\u00e9les v\u00e1laszt\u00e9ka biztos\u00edtja a v\u00e1ltozatos \u00e9s folyamatos termel\u00e9st. Ezek a n\u00f6v\u00e9nyek nemcsak a v\u00e1ros lakoss\u00e1g\u00e1nak \u00e9lelmiszerell\u00e1t\u00e1s\u00e1t biztos\u00edtj\u00e1k, hanem az eur\u00f3pai piacokat is el\u00e1rasztj\u00e1k k\u00fcl\u00f6nleges, addig ismeretlen z\u00f6lds\u00e9gekkel \u00e9s gy\u00fcm\u00f6lcs\u00f6kkel. Ez a diverzifik\u00e1lt n\u00f6v\u00e9nytermeszt\u00e9s cs\u00f6kkenti az id\u0151j\u00e1r\u00e1s \u00e9s egy\u00e9b k\u00fcls\u0151 t\u00e9nyez\u0151k hat\u00e1sait, mivel a k\u00fcl\u00f6nb\u00f6z\u0151 n\u00f6v\u00e9nyek elt\u00e9r\u0151 k\u00f6r\u00fclm\u00e9nyeket ig\u00e9nyelnek, \u00edgy az egyik term\u00e9ny kies\u00e9se eset\u00e9n m\u00e1s n\u00f6v\u00e9nyek m\u00e9g sikeresen termeszthet\u0151k.<\/p>\n\n\n\n<p>A kertipar itt nem hagyom\u00e1nyos m\u00f3don, hanem tudom\u00e1nyos alapokon nyugszik. Otthon \u00e1llama a tudom\u00e1ny \u00e9s tehets\u00e9g eszk\u00f6zeivel biztos\u00edtja a mez\u0151gazdas\u00e1gi termel\u00e9s hat\u00e9konys\u00e1g\u00e1t \u00e9s stabilit\u00e1s\u00e1t, ami elengedhetetlen egy ilyen s\u0171r\u0171n lakott ter\u00fclet \u00e9lelmiszerell\u00e1t\u00e1s\u00e1hoz. A mez\u0151gazdas\u00e1gi munka sokkal jobban jutalmazza a dolgoz\u00f3kat, mint a hagyom\u00e1nyos sz\u00e1nt\u00e1svet\u00e9s, ami vonz\u00f3bb\u00e1 teszi ezt az ipar\u00e1gat.<\/p>\n\n\n\n<p>Az Otthon v\u00e1ros\u00e1ban alkalmazott mez\u0151gazdas\u00e1gi technik\u00e1k nem csup\u00e1n a hagyom\u00e1nyos f\u00f6ldm\u0171vel\u00e9st\u0151l k\u00fcl\u00f6nb\u00f6znek, hanem szinte teljesen \u00f6n\u00e1ll\u00f3 \u00f6kosziszt\u00e9m\u00e1t hoznak l\u00e9tre, amely \u00f6sszhangban van a v\u00e1ros n\u00f6vekv\u0151 n\u00e9pess\u00e9g\u00e9nek ig\u00e9nyeivel. A mez\u0151gazdas\u00e1got szigor\u00faan fel\u00fcgyelik, hogy biztos\u00edts\u00e1k a maxim\u00e1lis termel\u00e9kenys\u00e9get \u00e9s a megfelel\u0151 id\u0151z\u00edt\u00e9st. A kisgazd\u00e1k nem hagyatkozhatnak az id\u0151j\u00e1r\u00e1s szesz\u00e9lyeire; minden l\u00e9p\u00e9s\u00fcket megtervezik \u00e9s fel\u00fcgyelik, hogy biztos\u00edts\u00e1k a v\u00e1ros \u00e1lland\u00f3 \u00e9s b\u0151s\u00e9ges \u00e9lelmiszerell\u00e1t\u00e1s\u00e1t. A foly\u00f3 partj\u00e1n l\u00e9v\u0151 tutajokra \u00e9p\u00edtett kunyh\u00f3k p\u00e9ld\u00e1ul k\u00fcl\u00f6nleges, fenntarthat\u00f3 megold\u00e1sokat k\u00edn\u00e1lnak. A tutajokon lak\u00f3 csal\u00e1dok nemcsak magukat l\u00e1tj\u00e1k el, hanem hozz\u00e1j\u00e1rulnak a v\u00e1ros gazdas\u00e1gi stabilit\u00e1s\u00e1hoz is. A tutajokon szel\u00edd sz\u00e1rnyasok \u00e9lnek, amelyek napk\u00f6zben a n\u00f6v\u00e9nyek k\u00f6z\u00f6tt t\u00e1pl\u00e1lkoznak, \u00e9jszaka pedig dobsz\u00f3ra t\u00e9rnek vissza. Ez az innovat\u00edv megold\u00e1s nemcsak az \u00e1llatteny\u00e9szt\u00e9st integr\u00e1lja a n\u00f6v\u00e9nytermeszt\u00e9sbe, hanem a k\u00e1rtev\u0151irt\u00e1st is term\u00e9szetes m\u00f3don oldja meg.<\/p>\n<\/div><\/div>\n<\/div><\/div>\n\n\n\n<div style=\"background-image:url(&apos;https:\/\/ailabor.appsters.me\/wp-content\/uploads\/2024\/06\/Ellipse-4.png&apos;);background-position:50% 30%;background-size:cover;\" class=\"wp-block-group has-background\"><div class=\"wp-block-group__inner-container is-layout-constrained wp-block-group-is-layout-constrained\">\n<div class=\"wp-block-group group-1240\"><div class=\"wp-block-group__inner-container is-layout-constrained wp-block-group-is-layout-constrained\">\n<p>Az Otthon v\u00e1ros gazdas\u00e1gi ereje nagyr\u00e9szt a mez\u0151gazdas\u00e1gi termel\u00e9sen alapszik. Az intenz\u00edv n\u00f6v\u00e9nytermeszt\u00e9s \u00e9s kertipar nemcsak a v\u00e1ros lakoss\u00e1g\u00e1nak \u00e9lelmiszerell\u00e1t\u00e1s\u00e1t biztos\u00edtja, hanem jelent\u0151s piaci er\u0151t is k\u00e9pvisel. A v\u00e1ros \u00e1ltal termelt k\u00fcl\u00f6nleges n\u00f6v\u00e9nyek \u00e9s gy\u00fcm\u00f6lcs\u00f6k nemcsak a helyi sz\u00fcks\u00e9gleteket el\u00e9g\u00edtenek ki, hanem jelent\u0151s exportcikk\u00e9 is v\u00e1lnak, el\u00e1rasztva az eur\u00f3pai piacokat. Ezek a term\u00e9nyek ismeretlenek voltak kor\u00e1bban, ami lehet\u0151s\u00e9get ad Otthon v\u00e1ros\u00e1nak, hogy monopolisztikus poz\u00edci\u00f3t foglaljon el bizonyos mez\u0151gazdas\u00e1gi term\u00e9kek piac\u00e1n.<\/p>\n\n\n\n<p>Az \u00f6nell\u00e1t\u00e1s \u00e9s a kereskedelmi export egy\u00fcttesen biztos\u00edtja a v\u00e1ros gazdas\u00e1gi stabilit\u00e1s\u00e1t. A mez\u0151gazdas\u00e1g \u00e9s kertipar tudom\u00e1nyos megk\u00f6zel\u00edt\u00e9se \u00e9s innovat\u00edv megold\u00e1sai r\u00e9v\u00e9n Otthon nemcsak gazdas\u00e1gilag \u00f6n\u00e1ll\u00f3, hanem jelent\u0151s befoly\u00e1ssal is rendelkezik a nemzetk\u00f6zi piacokon. Otthon v\u00e1ros\u00e1nak \u00e9lelmiszerell\u00e1t\u00e1sa \u00e9s gazdas\u00e1gi ereje szorosan \u00f6sszef\u00fcgg a mez\u0151gazdas\u00e1gi termel\u00e9s hat\u00e9konys\u00e1g\u00e1val \u00e9s innovat\u00edv megold\u00e1saival. A v\u00e1ros kertipara nemcsak a lakoss\u00e1g sz\u00fcks\u00e9gleteit el\u00e9g\u00edti ki, hanem jelent\u0151s gazdas\u00e1gi er\u0151t is k\u00e9pvisel a nemzetk\u00f6zi piacokon, ezzel biztos\u00edtva a v\u00e1ros hossz\u00fa t\u00e1v\u00fa stabilit\u00e1s\u00e1t \u00e9s n\u00f6veked\u00e9s\u00e9t. A mez\u0151gazdas\u00e1g tudom\u00e1nyos alapokon nyugv\u00f3 megk\u00f6zel\u00edt\u00e9se \u00e9s az id\u0151j\u00e1r\u00e1s szesz\u00e9lyeit\u0151l val\u00f3 f\u00fcggetlened\u00e9s r\u00e9v\u00e9n Otthon egy modern, \u00f6nfenntart\u00f3 \u00e9s gazdas\u00e1gilag er\u0151s v\u00e1rosk\u00e9nt jelenik meg.<\/p>\n\n\n\n<div class=\"wp-block-columns is-layout-flex wp-container-core-columns-is-layout-9d6595d7 wp-block-columns-is-layout-flex\">\n<div class=\"wp-block-column is-layout-flow wp-block-column-is-layout-flow\">\n<figure class=\"wp-block-image size-full\"><img loading=\"lazy\" decoding=\"async\" width=\"1792\" height=\"1024\" src=\"https:\/\/ailabor.appsters.me\/wp-content\/uploads\/2024\/08\/0029_Otthon-varos-piaca.webp\" alt=\"\" class=\"wp-image-3319\" srcset=\"https:\/\/ailabor.appsters.me\/wp-content\/uploads\/2024\/08\/0029_Otthon-varos-piaca.webp 1792w, https:\/\/ailabor.appsters.me\/wp-content\/uploads\/2024\/08\/0029_Otthon-varos-piaca-300x171.webp 300w, https:\/\/ailabor.appsters.me\/wp-content\/uploads\/2024\/08\/0029_Otthon-varos-piaca-1024x585.webp 1024w, https:\/\/ailabor.appsters.me\/wp-content\/uploads\/2024\/08\/0029_Otthon-varos-piaca-768x439.webp 768w, https:\/\/ailabor.appsters.me\/wp-content\/uploads\/2024\/08\/0029_Otthon-varos-piaca-1536x878.webp 1536w, https:\/\/ailabor.appsters.me\/wp-content\/uploads\/2024\/08\/0029_Otthon-varos-piaca-18x10.webp 18w\" sizes=\"auto, (max-width: 1792px) 100vw, 1792px\" \/><figcaption class=\"wp-element-caption\">Otthon v\u00e1ros piaca<em> A j\u00f6v\u0151 sz\u00e1zad reg\u00e9ny\u00e9<\/em>ben<\/figcaption><\/figure>\n<\/div>\n\n\n\n<div class=\"wp-block-column is-layout-flow wp-block-column-is-layout-flow\">\n<figure class=\"wp-block-image size-full\"><img loading=\"lazy\" decoding=\"async\" width=\"1792\" height=\"1024\" src=\"https:\/\/ailabor.appsters.me\/wp-content\/uploads\/2024\/08\/0030_Otthon-varosa-legifelvetelen.webp\" alt=\"\" class=\"wp-image-3320\" srcset=\"https:\/\/ailabor.appsters.me\/wp-content\/uploads\/2024\/08\/0030_Otthon-varosa-legifelvetelen.webp 1792w, https:\/\/ailabor.appsters.me\/wp-content\/uploads\/2024\/08\/0030_Otthon-varosa-legifelvetelen-300x171.webp 300w, https:\/\/ailabor.appsters.me\/wp-content\/uploads\/2024\/08\/0030_Otthon-varosa-legifelvetelen-1024x585.webp 1024w, https:\/\/ailabor.appsters.me\/wp-content\/uploads\/2024\/08\/0030_Otthon-varosa-legifelvetelen-768x439.webp 768w, https:\/\/ailabor.appsters.me\/wp-content\/uploads\/2024\/08\/0030_Otthon-varosa-legifelvetelen-1536x878.webp 1536w, https:\/\/ailabor.appsters.me\/wp-content\/uploads\/2024\/08\/0030_Otthon-varosa-legifelvetelen-18x10.webp 18w\" sizes=\"auto, (max-width: 1792px) 100vw, 1792px\" \/><figcaption class=\"wp-element-caption\">Otthon v\u00e1ros l\u00e9gi felv\u00e9telr\u0151l k\u00e9sz\u00fclt k\u00e9pe<\/figcaption><\/figure>\n<\/div>\n<\/div>\n\n\n\n<div style=\"height:50px\" aria-hidden=\"true\" class=\"wp-block-spacer\"><\/div>\n<\/div><\/div>\n<\/div><\/div>","protected":false},"excerpt":{"rendered":"<p>Hogyan \u00edrja le J\u00f3kai az adatb\u00e1zisodba felt\u00f6lt\u00f6tt, A j\u00f6v\u0151 sz\u00e1zad reg\u00e9nye c\u00edm\u0171 sz\u00f6vegben az Otthon v\u00e1ros\u00e1ban m\u0171velt \u201ekertipart\u201d? Ismertesd r\u00e9szletesen. J\u00f3kai az Otthon v\u00e1ros c\u00edm\u0171 fejezetben r\u00e9szletesen kifeji, hogyan biztos\u00edtj\u00e1k az egymilli\u00f3s v\u00e1ros \u00e9lelmiszerell\u00e1t\u00e1s\u00e1t, valamint milyen szerepet j\u00e1tszik a n\u00f6v\u00e9nytermeszt\u00e9s az \u00e1llam gazdas\u00e1gi erej\u00e9ben. Otthon v\u00e1ros\u00e1nak \u00e9lelmiszerell\u00e1t\u00e1sa szorosan \u00f6sszef\u00fcgg a v\u00e1ros k\u00f6r\u00fcli kertv\u00e1rosi modellel, amely&#8230;<\/p>","protected":false},"author":5,"featured_media":0,"parent":0,"menu_order":0,"comment_status":"closed","ping_status":"closed","template":"","meta":{"_eb_attr":"","inline_featured_image":false,"_kad_post_transparent":"","_kad_post_title":"","_kad_post_layout":"","_kad_post_sidebar_id":"","_kad_post_content_style":"","_kad_post_vertical_padding":"","_kad_post_feature":"","_kad_post_feature_position":"","_kad_post_header":false,"_kad_post_footer":false,"footnotes":""},"class_list":["post-3318","page","type-page","status-publish","hentry"],"_links":{"self":[{"href":"https:\/\/ailabor.appsters.me\/en\/wp-json\/wp\/v2\/pages\/3318","targetHints":{"allow":["GET"]}}],"collection":[{"href":"https:\/\/ailabor.appsters.me\/en\/wp-json\/wp\/v2\/pages"}],"about":[{"href":"https:\/\/ailabor.appsters.me\/en\/wp-json\/wp\/v2\/types\/page"}],"author":[{"embeddable":true,"href":"https:\/\/ailabor.appsters.me\/en\/wp-json\/wp\/v2\/users\/5"}],"replies":[{"embeddable":true,"href":"https:\/\/ailabor.appsters.me\/en\/wp-json\/wp\/v2\/comments?post=3318"}],"version-history":[{"count":5,"href":"https:\/\/ailabor.appsters.me\/en\/wp-json\/wp\/v2\/pages\/3318\/revisions"}],"predecessor-version":[{"id":3358,"href":"https:\/\/ailabor.appsters.me\/en\/wp-json\/wp\/v2\/pages\/3318\/revisions\/3358"}],"wp:attachment":[{"href":"https:\/\/ailabor.appsters.me\/en\/wp-json\/wp\/v2\/media?parent=3318"}],"curies":[{"name":"wp","href":"https:\/\/api.w.org\/{rel}","templated":true}]}}