{"id":492,"date":"2024-05-13T11:32:04","date_gmt":"2024-05-13T11:32:04","guid":{"rendered":"https:\/\/ailabor.appsters.me\/?page_id=492"},"modified":"2025-02-19T07:52:27","modified_gmt":"2025-02-19T07:52:27","slug":"karakterelemzesek","status":"publish","type":"page","link":"https:\/\/ailabor.appsters.me\/it\/analisi-dei-personaggi\/","title":{"rendered":"Analisi dei personaggi"},"content":{"rendered":"<div style=\"background-image:url(&apos;https:\/\/ailabor.appsters.me\/wp-content\/uploads\/2024\/06\/Ellipse-right.png&apos;);background-position:100% 50%;background-repeat:no-repeat;background-size:contain;\" class=\"wp-block-group has-background\"><div class=\"wp-block-group__inner-container is-layout-constrained wp-block-group-is-layout-constrained\">\n<div class=\"wp-block-group group-900 eplus-wrapper\" style=\"border-style:none;border-width:0px;border-radius:6px;padding-right:10vw;padding-left:10vw\"><div class=\"wp-block-group__inner-container is-layout-constrained wp-container-core-group-is-layout-ffe46953 wp-block-group-is-layout-constrained\">\n<h4 class=\"wp-block-heading has-text-align-center eplus-wrapper\">Fai un'analisi dettagliata dei personaggi! Come si comportano in diverse situazioni? Quali valori e caratteristiche li definiscono? Attieniti al testo! Come si sono comportati i personaggi nel corso del romanzo?<\/h4>\n\n\n<div class=\"wp-block-image eplus-wrapper\">\n<figure class=\"aligncenter size-full is-resized\"><img loading=\"lazy\" decoding=\"async\" width=\"1000\" height=\"573\" src=\"https:\/\/ailabor.appsters.me\/wp-content\/uploads\/2024\/06\/robot_v2_vertical_1000px.gif\" alt=\"\" class=\"wp-image-2499\" style=\"width:200px\"\/><\/figure>\n<\/div><\/div><\/div>\n<\/div><\/div>\n\n\n\n<div style=\"background-image:url(&apos;https:\/\/ailabor.appsters.me\/wp-content\/uploads\/2024\/06\/Ellipse-4.png&apos;);background-position:50% 30%;background-size:cover;\" class=\"wp-block-group has-background\"><div class=\"wp-block-group__inner-container is-layout-constrained wp-block-group-is-layout-constrained\">\n<div class=\"wp-block-group group-900 eplus-wrapper\"><div class=\"wp-block-group__inner-container is-layout-constrained wp-block-group-is-layout-constrained\">\n<div class=\"wp-block-columns is-layout-flex wp-container-core-columns-is-layout-9d6595d7 wp-block-columns-is-layout-flex\">\n<div class=\"wp-block-column is-layout-flow wp-block-column-is-layout-flow\" style=\"flex-basis:100%\">\n<div class=\"wp-block-buttons is-content-justification-center is-layout-flex wp-container-core-buttons-is-layout-16018d1d wp-block-buttons-is-layout-flex\">\n<div class=\"wp-block-button has-custom-font-size has-small-font-size\"><a class=\"wp-block-button__link wp-element-button\" href=\"#timar\" style=\"border-radius:100px;padding-top:var(--wp--preset--spacing--20);padding-right:var(--wp--preset--spacing--50);padding-bottom:var(--wp--preset--spacing--20);padding-left:var(--wp--preset--spacing--50)\">Mih\u00e1ly Tim\u00e1r<\/a><\/div>\n<\/div>\n<\/div>\n\n\n\n<div class=\"wp-block-column is-layout-flow wp-block-column-is-layout-flow\" style=\"flex-basis:100%\">\n<div class=\"wp-block-buttons is-content-justification-center is-layout-flex wp-container-core-buttons-is-layout-5590e8cb wp-block-buttons-is-layout-flex\">\n<div class=\"wp-block-button has-custom-font-size has-small-font-size\"><a class=\"wp-block-button__link has-text-align-center wp-element-button\" href=\"#noemi\" style=\"border-radius:100px;padding-top:var(--wp--preset--spacing--20);padding-right:var(--wp--preset--spacing--60);padding-bottom:var(--wp--preset--spacing--20);padding-left:var(--wp--preset--spacing--60)\">No\u00e9mi<\/a><\/div>\n<\/div>\n<\/div>\n\n\n\n<div class=\"wp-block-column is-layout-flow wp-block-column-is-layout-flow\" style=\"flex-basis:100%\">\n<div class=\"wp-block-buttons is-content-justification-center is-layout-flex wp-container-core-buttons-is-layout-16018d1d wp-block-buttons-is-layout-flex\">\n<div class=\"wp-block-button has-custom-font-size has-small-font-size\"><a class=\"wp-block-button__link wp-element-button\" href=\"#timea\" style=\"border-radius:100px;padding-top:var(--wp--preset--spacing--20);padding-right:var(--wp--preset--spacing--60);padding-bottom:var(--wp--preset--spacing--20);padding-left:var(--wp--preset--spacing--60)\">Tim\u00e9a<\/a><\/div>\n<\/div>\n<\/div>\n\n\n\n<div class=\"wp-block-column is-layout-flow wp-block-column-is-layout-flow\" style=\"flex-basis:100%\">\n<div class=\"wp-block-buttons is-content-justification-center is-layout-flex wp-container-core-buttons-is-layout-16018d1d wp-block-buttons-is-layout-flex\" style=\"border-style:none;border-width:0px;border-radius:0px\">\n<div class=\"wp-block-button has-custom-font-size has-small-font-size\"><a class=\"wp-block-button__link wp-element-button\" href=\"#brazovics\" style=\"border-radius:100px;padding-top:var(--wp--preset--spacing--20);padding-right:var(--wp--preset--spacing--40);padding-bottom:var(--wp--preset--spacing--20);padding-left:var(--wp--preset--spacing--40)\">Brazovics atan\u00e1z<\/a><\/div>\n<\/div>\n<\/div>\n<\/div>\n\n\n\n<div class=\"wp-block-columns eplus-wrapper is-layout-flex wp-container-core-columns-is-layout-a1383269 wp-block-columns-is-layout-flex\" id=\"timar\" style=\"padding-top:var(--wp--preset--spacing--50);padding-bottom:var(--wp--preset--spacing--50)\">\n<div class=\"wp-block-column eplus-wrapper is-layout-flow wp-block-column-is-layout-flow\" style=\"flex-basis:40%\">\n<figure class=\"wp-block-image size-full eplus-wrapper\"><img loading=\"lazy\" decoding=\"async\" width=\"1024\" height=\"1024\" src=\"https:\/\/ailabor.appsters.me\/wp-content\/uploads\/2024\/05\/karakterek-timar-milhaly.jpg\" alt=\"\" class=\"wp-image-382\" srcset=\"https:\/\/ailabor.appsters.me\/wp-content\/uploads\/2024\/05\/karakterek-timar-milhaly.jpg 1024w, https:\/\/ailabor.appsters.me\/wp-content\/uploads\/2024\/05\/karakterek-timar-milhaly-300x300.jpg 300w, https:\/\/ailabor.appsters.me\/wp-content\/uploads\/2024\/05\/karakterek-timar-milhaly-150x150.jpg 150w, https:\/\/ailabor.appsters.me\/wp-content\/uploads\/2024\/05\/karakterek-timar-milhaly-768x768.jpg 768w, https:\/\/ailabor.appsters.me\/wp-content\/uploads\/2024\/05\/karakterek-timar-milhaly-400x400.jpg 400w\" sizes=\"auto, (max-width: 1024px) 100vw, 1024px\" \/><\/figure>\n<\/div>\n\n\n\n<div class=\"wp-block-column eplus-wrapper is-layout-flow wp-block-column-is-layout-flow\" style=\"flex-basis:60%\">\n<p class=\"eplus-wrapper\">Tim\u00e1r inizialmente si presenta come una persona umile e onesta, disposta a correre rischi per il bene degli altri. Tuttavia, quando acquisisce una grande fortuna nascondendo i tesori trovati nel relitto della nave, il suo personaggio \u00e8 caratterizzato da una duplicit\u00e0. Durante il romanzo, combatte sempre pi\u00f9 con la sua coscienza e con le aspettative sociali. Da un lato, cerca di conformarsi alla posizione sociale che gli \u00e8 stata assegnata, dall'altro, desidera una vita sincera e semplice accanto a No\u00e9mi. Nonostante i successi esteriori, Tim\u00e1r diventa sempre pi\u00f9 solo e isolato interiormente, poich\u00e9 non riesce a conciliare la sua vita doppia.<\/p>\n<\/div>\n<\/div>\n\n\n\n<div class=\"wp-block-columns is-layout-flex wp-container-core-columns-is-layout-a1383269 wp-block-columns-is-layout-flex\" style=\"padding-top:var(--wp--preset--spacing--50);padding-bottom:var(--wp--preset--spacing--50)\">\n<div class=\"wp-block-column is-layout-flow wp-block-column-is-layout-flow\">\n<p class=\"eplus-wrapper\"><strong>Valori e caratteristiche<\/strong>:<\/p>\n\n\n\n<ul class=\"wp-block-list mono eplus-wrapper\">\n<li class=\"eplus-wrapper translation-block\"><strong>Onest\u00e0<\/strong>: Tim\u00e1r inizialmente appare come un uomo di onore, disposto a mettere a rischio la propria vita per gli altri.<\/li>\n\n\n\n<li class=\"eplus-wrapper translation-block\"><strong>Spirito di sacrificio<\/strong>: Si manifesta quando salva la nave, ma questo evento conduce a una caratterizzazione pi\u00f9 complessa, poich\u00e9 in seguito nasconde il tesoro trovato.<\/li>\n\n\n\n<li class=\"eplus-wrapper translation-block\"><strong>Conflitto interiore<\/strong>: Come uomo ricco, Tim\u00e1r lotta costantemente con la domanda se sia veramente felice con la sua ricchezza e posizione sociale, o se si consideri felice solo per via delle apparenze.<\/li>\n\n\n\n<li class=\"eplus-wrapper translation-block\"><strong>Amore e fedelt\u00e0<\/strong>: L'oscillazione tra la sua fedelt\u00e0 a Tim\u00e9a e l'amore per No\u00e9mi mostra la profondit\u00e0 dei sentimenti che influenzano le sue decisioni.<\/li>\n<\/ul>\n<\/div>\n<\/div>\n\n\n\n<div class=\"wp-block-columns eplus-wrapper is-layout-flex wp-container-core-columns-is-layout-a1383269 wp-block-columns-is-layout-flex\" id=\"noemi\" style=\"padding-top:var(--wp--preset--spacing--50);padding-bottom:var(--wp--preset--spacing--50)\">\n<div class=\"wp-block-column eplus-wrapper is-layout-flow wp-block-column-is-layout-flow\" style=\"flex-basis:40%\">\n<figure class=\"wp-block-image size-full is-resized eplus-wrapper\"><img loading=\"lazy\" decoding=\"async\" width=\"1024\" height=\"1024\" src=\"https:\/\/ailabor.appsters.me\/wp-content\/uploads\/2024\/05\/karakterek-noemi.jpg\" alt=\"\" class=\"wp-image-383\" style=\"width:573px;height:auto\" srcset=\"https:\/\/ailabor.appsters.me\/wp-content\/uploads\/2024\/05\/karakterek-noemi.jpg 1024w, https:\/\/ailabor.appsters.me\/wp-content\/uploads\/2024\/05\/karakterek-noemi-300x300.jpg 300w, https:\/\/ailabor.appsters.me\/wp-content\/uploads\/2024\/05\/karakterek-noemi-150x150.jpg 150w, https:\/\/ailabor.appsters.me\/wp-content\/uploads\/2024\/05\/karakterek-noemi-768x768.jpg 768w, https:\/\/ailabor.appsters.me\/wp-content\/uploads\/2024\/05\/karakterek-noemi-400x400.jpg 400w\" sizes=\"auto, (max-width: 1024px) 100vw, 1024px\" \/><\/figure>\n<\/div>\n\n\n\n<div class=\"wp-block-column eplus-wrapper is-layout-flow wp-block-column-is-layout-flow\" style=\"flex-basis:60%\">\n<p class=\"eplus-wrapper translation-block\"><strong>No\u00e9mi<\/strong> \u00e8 un personaggio semplice ma estremamente amabile, che vive sull'isola incantata con suo padre. \u00c8 il vero amore di Mih\u00e1ly Tim\u00e1r, per il quale il protagonista nutre sentimenti autentici e appassionati, in contrasto con l'atteggiamento freddo e distaccato di Tim\u00e9a. Il personaggio di No\u00e9mi rappresenta costanza e sincerit\u00e0 nella vita di Tim\u00e1r. \u00c8 l'incarnazione dell'amore e dell'abnegazione. No\u00e9mi \u00e8 una donna affettuosa e premurosa, completamente fedele a Tim\u00e1r, nonostante sappia che Tim\u00e1r ha un'altra vita di cui non parlano. Il suo comportamento \u00e8 generalmente calmo e ponderato, e anche in situazioni difficili mantiene la sua dignit\u00e0 e forza.<\/p>\n<\/div>\n<\/div>\n\n\n\n<div class=\"wp-block-columns is-layout-flex wp-container-core-columns-is-layout-a1383269 wp-block-columns-is-layout-flex\" style=\"padding-top:var(--wp--preset--spacing--50);padding-bottom:var(--wp--preset--spacing--50)\">\n<div class=\"wp-block-column is-layout-flow wp-block-column-is-layout-flow\">\n<p class=\"eplus-wrapper\"><strong>Valori e caratteristiche<\/strong>:<\/p>\n\n\n\n<ul class=\"wp-block-list mono eplus-wrapper\">\n<li class=\"eplus-wrapper translation-block\"><strong>Sincerit\u00e0<\/strong>: L'innocenza e la naturalezza di No\u00e9mi contrastano con l'ipocrisia imposta dalla societ\u00e0.<\/li>\n\n\n\n<li class=\"eplus-wrapper translation-block\"><strong>Amore<\/strong>: Il suo amore profondo e incondizionato per Tim\u00e1r rivela la sua capacit\u00e0 di amare con tutto il cuore, in contrasto con la riservatezza di Tim\u00e9a.<\/li>\n\n\n\n<li class=\"eplus-wrapper translation-block\"><strong>Forza e perseveranza<\/strong>: Anche se appare fragile all'esterno, acquisisce una forza interiore quando il suo amore viene messo alla prova. \u00c8 capace di affrontare anche le situazioni di vita pi\u00f9 difficili.<\/li>\n\n\n\n<li class=\"eplus-wrapper translation-block\"><strong>Armonia con la natura<\/strong>: Il legame di No\u00e9mi con la natura, derivante dalla sua vita sull'isola, mette in risalto il valore di uno stile di vita sincero e semplice.<\/li>\n<\/ul>\n<\/div>\n<\/div>\n\n\n\n<div class=\"wp-block-columns eplus-wrapper is-layout-flex wp-container-core-columns-is-layout-a1383269 wp-block-columns-is-layout-flex\" id=\"timea\" style=\"padding-top:var(--wp--preset--spacing--50);padding-bottom:var(--wp--preset--spacing--50)\">\n<div class=\"wp-block-column eplus-wrapper is-layout-flow wp-block-column-is-layout-flow\" style=\"flex-basis:40%\">\n<figure class=\"wp-block-image size-full eplus-wrapper\"><img loading=\"lazy\" decoding=\"async\" width=\"1024\" height=\"1024\" src=\"https:\/\/ailabor.appsters.me\/wp-content\/uploads\/2024\/05\/karakterek-timea.jpg\" alt=\"\" class=\"wp-image-384\" srcset=\"https:\/\/ailabor.appsters.me\/wp-content\/uploads\/2024\/05\/karakterek-timea.jpg 1024w, https:\/\/ailabor.appsters.me\/wp-content\/uploads\/2024\/05\/karakterek-timea-300x300.jpg 300w, https:\/\/ailabor.appsters.me\/wp-content\/uploads\/2024\/05\/karakterek-timea-150x150.jpg 150w, https:\/\/ailabor.appsters.me\/wp-content\/uploads\/2024\/05\/karakterek-timea-768x768.jpg 768w, https:\/\/ailabor.appsters.me\/wp-content\/uploads\/2024\/05\/karakterek-timea-400x400.jpg 400w\" sizes=\"auto, (max-width: 1024px) 100vw, 1024px\" \/><\/figure>\n<\/div>\n\n\n\n<div class=\"wp-block-column eplus-wrapper is-layout-flow wp-block-column-is-layout-flow\" style=\"flex-basis:60%\">\n<p class=\"eplus-wrapper translation-block\">Tim\u00e9a, la moglie di Tim\u00e1r, \u00e8 un personaggio complesso e introverso. All'inizio del loro matrimonio, sono emotivamente distanti, poich\u00e9 Tim\u00e9a non riesce a provare amore per Tim\u00e1r. Nel corso del romanzo, cambia gradualmente cercando di avvicinarsi al marito, ma alla fine si rende conto di non poter superare i propri limiti emotivi. Esteriormente, Tim\u00e9a appare fredda e irraggiungibile, ma interiormente \u00e8 confusa e vulnerabile, il che si riflette nella sua incapacit\u00e0 di essere veramente felice. Il personaggio di Tim\u00e9a in \"<em>L'uomo d'oro<\/em>\" incarna il mistero e le lotte interiori. \u00c8 la figura femminile che rappresenta l'altro amore di Mih\u00e1ly Tim\u00e1r, quello socialmente accettato, ma i loro sentimenti non sono profondi come la passione che prova per No\u00e9mi.<\/p>\n<\/div>\n<\/div>\n\n\n\n<div class=\"wp-block-columns is-layout-flex wp-container-core-columns-is-layout-a1383269 wp-block-columns-is-layout-flex\" style=\"padding-top:var(--wp--preset--spacing--50);padding-bottom:var(--wp--preset--spacing--50)\">\n<div class=\"wp-block-column is-layout-flow wp-block-column-is-layout-flow\">\n<p class=\"eplus-wrapper\"><strong>Valori e caratteristiche:<\/strong><\/p>\n\n\n\n<ul class=\"wp-block-list mono eplus-wrapper\">\n<li class=\"eplus-wrapper translation-block\"><strong>Distanza<\/strong>: La natura riservata e distaccata di Tim\u00e9a deriva dalla repressione delle sue emozioni. Questa caratteristica \u00e8 il risultato del suo desiderio di conformarsi alle aspettative sociali.<\/li>\n\n\n\n<li class=\"eplus-wrapper translation-block\"><strong>Profondit\u00e0 interiore<\/strong>: Anche se esteriormente appare fredda, in realt\u00e0 possiede emozioni profonde e una forte integrit\u00e0 morale. Questa forza interiore le permette di resistere alla pressione sociale.<\/li>\n\n\n\n<li class=\"eplus-wrapper translation-block\"><strong>Conflitti interiori<\/strong>: La lotta di Tim\u00e9a si svolge tra le sue emozioni e le aspettative della societ\u00e0. Questo conflitto interiore la rende un personaggio interessante e complesso.<\/li>\n\n\n\n<li class=\"eplus-wrapper translation-block\"><strong>Luce e ombra<\/strong>: Nel personaggio di Tim\u00e9a si uniscono lati luminosi e oscuri, che si manifestano nelle emozioni appassionate e nei dilemmi morali nascosti dietro la sua freddezza esteriore.<\/li>\n<\/ul>\n<\/div>\n<\/div>\n\n\n\n<div class=\"wp-block-columns eplus-wrapper is-layout-flex wp-container-core-columns-is-layout-a1383269 wp-block-columns-is-layout-flex\" id=\"brazovics\" style=\"padding-top:var(--wp--preset--spacing--50);padding-bottom:var(--wp--preset--spacing--50)\">\n<div class=\"wp-block-column eplus-wrapper is-layout-flow wp-block-column-is-layout-flow\" style=\"flex-basis:40%\">\n<figure class=\"wp-block-image size-full eplus-wrapper\"><img loading=\"lazy\" decoding=\"async\" width=\"1024\" height=\"1024\" src=\"https:\/\/ailabor.appsters.me\/wp-content\/uploads\/2024\/05\/karakterek-brazovics-atanaz.jpg\" alt=\"\" class=\"wp-image-385\" srcset=\"https:\/\/ailabor.appsters.me\/wp-content\/uploads\/2024\/05\/karakterek-brazovics-atanaz.jpg 1024w, https:\/\/ailabor.appsters.me\/wp-content\/uploads\/2024\/05\/karakterek-brazovics-atanaz-300x300.jpg 300w, https:\/\/ailabor.appsters.me\/wp-content\/uploads\/2024\/05\/karakterek-brazovics-atanaz-150x150.jpg 150w, https:\/\/ailabor.appsters.me\/wp-content\/uploads\/2024\/05\/karakterek-brazovics-atanaz-768x768.jpg 768w, https:\/\/ailabor.appsters.me\/wp-content\/uploads\/2024\/05\/karakterek-brazovics-atanaz-400x400.jpg 400w\" sizes=\"auto, (max-width: 1024px) 100vw, 1024px\" \/><\/figure>\n<\/div>\n\n\n\n<div class=\"wp-block-column eplus-wrapper is-layout-flow wp-block-column-is-layout-flow\" style=\"flex-basis:60%\">\n<p class=\"eplus-wrapper\">Athan\u00e1z Brazovics \u00e8 uno degli antagonisti del romanzo, un personaggio guidato dalla sua avidit\u00e0 e egoismo. I suoi interessi economici e ambizioni personali lo spingono a comportarsi spesso in modo non etico per garantire il proprio potere e ricchezza. Il suo comportamento \u00e8 aggressivo e manipolativo, creando costante tensione con gli altri personaggi. Brazovics Athan\u00e1z, uomo d'affari alla ricerca di potere e ricchezza, \u00e8 uno dei personaggi negativi del romanzo. Incarna l'avidit\u00e0 e l'egoismo, permettendosi qualsiasi mezzo per raggiungere i suoi obiettivi.<\/p>\n<\/div>\n<\/div>\n\n\n\n<div class=\"wp-block-columns is-layout-flex wp-container-core-columns-is-layout-a1383269 wp-block-columns-is-layout-flex\" style=\"padding-top:var(--wp--preset--spacing--50);padding-bottom:var(--wp--preset--spacing--50)\">\n<div class=\"wp-block-column is-layout-flow wp-block-column-is-layout-flow\">\n<p class=\"eplus-wrapper\"><strong>Valori e caratteristiche:<\/strong><\/p>\n\n\n\n<ul class=\"wp-block-list mono eplus-wrapper\">\n<li class=\"eplus-wrapper translation-block\"><strong>Avidit\u00e0<\/strong>: La motivazione principale di Athan\u00e1z \u00e8 l'acquisizione di beni materiali e l'aumento del proprio potere. Questa caratteristica guida tutte le sue decisioni.<\/li>\n\n\n\n<li class=\"eplus-wrapper translation-block\"><strong>Manipolazione<\/strong>: La sua capacit\u00e0 di controllare gli altri a proprio piacimento lo rende un maestro dell'intrigo e della cospirazione. Questo lo porta spesso in conflitto con gli altri personaggi del romanzo.<\/li>\n\n\n\n<li class=\"eplus-wrapper translation-block\"><strong>Egoismo<\/strong>: Gli interessi personali di Athan\u00e1z sono sempre al primo posto. Questo egoismo lo porta spesso a superare i limiti morali ed etici.<\/li>\n\n\n\n<li class=\"eplus-wrapper translation-block\"><strong>Resistenza ai cambiamenti<\/strong>: Brazovics si aggrappa ostinatamente ai valori tradizionali e alle strutture di potere, ostacolando spesso il progresso sociale e lo sviluppo personale all'interno del romanzo.<\/li>\n<\/ul>\n<\/div>\n<\/div>\n\n\n\n<p class=\"eplus-wrapper\"><\/p>\n\n\n\n<p class=\"has-text-align-center eplus-wrapper\">Questi personaggi dimostrano come J\u00f3kai sia in grado di rappresentare in modo profondo e sfumato le emozioni umane e i dilemmi morali. L'analisi dei personaggi pu\u00f2 fornire una base eccellente per i giovani lettori per comprendere i valori, le decisioni etiche e le relazioni umane.<\/p>\n\n\n\n<p class=\"has-text-align-center eplus-wrapper\">Questi personaggi e i loro modelli di comportamento riflettono verit\u00e0 umane profonde, come i dilemmi morali, i sacrifici personali e la complessit\u00e0 delle relazioni umane. Attraverso la ricca caratterizzazione del romanzo, i lettori hanno l'opportunit\u00e0 di riflettere sui propri valori e comportamenti in diverse situazioni.<\/p>\n\n\n\n<div style=\"height:40px\" aria-hidden=\"true\" class=\"wp-block-spacer eplus-wrapper\"><\/div>\n<\/div><\/div>\n<\/div><\/div>","protected":false},"excerpt":{"rendered":"<p>K\u00e9sz\u00edts r\u00e9szletes elemz\u00e9st a karakterekr\u0151l! Hogyan viselkednek k\u00fcl\u00f6nb\u00f6z\u0151 helyzetekben? Milyen \u00e9rt\u00e9kek \u00e9s tulajdons\u00e1gok jellemzik \u0151ket? Ragaszkodj a sz\u00f6veghez! Hogyan viselkedtek a karakterek a reg\u00e9ny sor\u00e1n? Tim\u00e1r kezdetben mint al\u00e1zatos \u00e9s becs\u00fcletes ember mutatkozik be, aki hajland\u00f3 kock\u00e1zatot v\u00e1llalni m\u00e1sok \u00e9rdek\u00e9ben. Azonban, amikor hatalmas vagyont szerez a haj\u00f3roncsban tal\u00e1lt kincsek eltitkol\u00e1s\u00e1val, kett\u0151ss\u00e9g jellemzi karakter\u00e9t. A reg\u00e9ny&#8230;<\/p>","protected":false},"author":5,"featured_media":0,"parent":0,"menu_order":0,"comment_status":"closed","ping_status":"closed","template":"","meta":{"_eb_attr":"","inline_featured_image":false,"_kad_post_transparent":"","_kad_post_title":"","_kad_post_layout":"","_kad_post_sidebar_id":"","_kad_post_content_style":"","_kad_post_vertical_padding":"","_kad_post_feature":"","_kad_post_feature_position":"","_kad_post_header":false,"_kad_post_footer":false,"footnotes":""},"class_list":["post-492","page","type-page","status-publish","hentry"],"_links":{"self":[{"href":"https:\/\/ailabor.appsters.me\/it\/wp-json\/wp\/v2\/pages\/492","targetHints":{"allow":["GET"]}}],"collection":[{"href":"https:\/\/ailabor.appsters.me\/it\/wp-json\/wp\/v2\/pages"}],"about":[{"href":"https:\/\/ailabor.appsters.me\/it\/wp-json\/wp\/v2\/types\/page"}],"author":[{"embeddable":true,"href":"https:\/\/ailabor.appsters.me\/it\/wp-json\/wp\/v2\/users\/5"}],"replies":[{"embeddable":true,"href":"https:\/\/ailabor.appsters.me\/it\/wp-json\/wp\/v2\/comments?post=492"}],"version-history":[{"count":82,"href":"https:\/\/ailabor.appsters.me\/it\/wp-json\/wp\/v2\/pages\/492\/revisions"}],"predecessor-version":[{"id":3450,"href":"https:\/\/ailabor.appsters.me\/it\/wp-json\/wp\/v2\/pages\/492\/revisions\/3450"}],"wp:attachment":[{"href":"https:\/\/ailabor.appsters.me\/it\/wp-json\/wp\/v2\/media?parent=492"}],"curies":[{"name":"wp","href":"https:\/\/api.w.org\/{rel}","templated":true}]}}